{"id":1563,"date":"2023-09-21T19:31:13","date_gmt":"2023-09-21T19:31:13","guid":{"rendered":"https:\/\/www.d-paideia.eu\/revision-de-la-literatura\/"},"modified":"2023-09-21T19:31:13","modified_gmt":"2023-09-21T19:31:13","slug":"revision-de-la-literatura","status":"publish","type":"page","link":"https:\/\/www.d-paideia.eu\/es\/revision-de-la-literatura\/","title":{"rendered":"REVISI\u00d3N DE LA LITERATURA"},"content":{"rendered":"<p>[et_pb_section fb_built=\u00bb1&#8243; custom_padding_last_edited=\u00bbon|tablet\u00bb admin_label=\u00bbAbout\u00bb _builder_version=\u00bb4.21.0&#8243; _module_preset=\u00bbdefault\u00bb custom_padding=\u00bb100px||||false|false\u00bb custom_padding_tablet=\u00bb0px||||false|false\u00bb custom_padding_phone=\u00bb0px||||false|false\u00bb locked=\u00bboff\u00bb global_colors_info=\u00bb{}\u00bb][et_pb_row _builder_version=\u00bb4.21.0&#8243; _module_preset=\u00bbdefault\u00bb max_width=\u00bb1200px\u00bb custom_padding=\u00bb0px||0px||true|false\u00bb custom_css_main_element=\u00bbdisplay:flex;||flex-wrap:wrap;\u00bb global_colors_info=\u00bb{}\u00bb][et_pb_column type=\u00bb4_4&#8243; _builder_version=\u00bb4.21.0&#8243; _module_preset=\u00bbdefault\u00bb custom_css_main_element=\u00bbdisplay:flex;||flex-wrap:wrap;||gap:20px;\u00bb global_colors_info=\u00bb{}\u00bb][et_pb_text _builder_version=\u00bb4.21.0&#8243; _module_preset=\u00bbf1931d05-5ec2-46f5-acba-d16894fb4134&#8243; header_font=\u00bbCandal||||||||\u00bb header_text_color=\u00bb#000000&#8243; header_font_size=\u00bb60px\u00bb header_line_height=\u00bb1.2em\u00bb custom_margin=\u00bb||16px||false|false\u00bb header_font_size_tablet=\u00bb36px\u00bb header_font_size_phone=\u00bb24px\u00bb header_font_size_last_edited=\u00bbon|phone\u00bb custom_css_main_element=\u00bbflex:0 0 100%;\u00bb locked=\u00bboff\u00bb global_colors_info=\u00bb{}\u00bb]<\/p>\n<h1>REVISI\u00d3N DE LA LITERATURA<\/h1>\n<p>[\/et_pb_text][et_pb_image src=\u00bbhttp:\/\/www.d-paideia.eu\/wp-content\/uploads\/2023\/05\/online-classroom-03.png\u00bb title_text=\u00bbonline-classroom-03&#8243; _builder_version=\u00bb4.21.0&#8243; _module_preset=\u00bbdefault\u00bb custom_css_main_element=\u00bbflex:0 0 100%;\u00bb global_colors_info=\u00bb{}\u00bb][\/et_pb_image][\/et_pb_column][\/et_pb_row][et_pb_row column_structure=\u00bb1_2,1_2&#8243; _builder_version=\u00bb4.21.0&#8243; _module_preset=\u00bbdefault\u00bb max_width=\u00bb1200px\u00bb custom_padding=\u00bb||||true|false\u00bb hover_enabled=\u00bb0&#8243; global_colors_info=\u00bb{}\u00bb sticky_enabled=\u00bb0&#8243;][et_pb_column type=\u00bb1_2&#8243; _builder_version=\u00bb4.21.0&#8243; _module_preset=\u00bbdefault\u00bb hover_enabled=\u00bb0&#8243; global_colors_info=\u00bb{}\u00bb border_radii=\u00bbon|20px|20px|20px|20px\u00bb title_text=\u00bbonline-classroom-22&#8243; background_image=\u00bbhttp:\/\/www.d-paideia.eu\/wp-content\/uploads\/2023\/05\/online-classroom-22.jpg\u00bb custom_padding=\u00bb25px|25px|25px|25px|false|false\u00bb custom_padding_last_edited=\u00bbon|phone\u00bb sticky_enabled=\u00bb0&#8243; custom_padding_phone=\u00bb|15px||15px|false|false\u00bb custom_padding_tablet=\u00bb25px|25px|25px|25px|false|false\u00bb][et_pb_text _builder_version=\u00bb4.21.0&#8243; _module_preset=\u00bbafef2bde-d413-4e1e-92fd-0a6a812a3fe9&#8243; global_colors_info=\u00bb{}\u00bb hover_enabled=\u00bb0&#8243; sticky_enabled=\u00bb0&#8243; text_text_color=\u00bb#202020&#8243; text_font=\u00bb||||||||\u00bb text_line_height=\u00bb22px\u00bb text_font_size=\u00bb16px\u00bb]<\/p>\n<p>El desarrollo del Marco de <strong>Cualificaciones de Competencias Pedag\u00f3gicas Digitales D-Paideia<\/strong> se basa en la revisi\u00f3n de la literatura cient\u00edfica sobre las competencias digitales de los profesores. Esta revisi\u00f3n bibliogr\u00e1fica fue llevada a cabo en mayo de 2023 por el equipo de investigaci\u00f3n de la Universidad de Florencia para identificar las necesidades pedag\u00f3gicas y las competencias requeridas de los profesores al salir del periodo de pandemia Covid-19 y sus consecuencias educativas.<\/p>\n<p>La revisi\u00f3n bibliogr\u00e1fica consta de tres secciones, que incluyen los antecedentes te\u00f3ricos, la definici\u00f3n de la competencia digital de los educadores y las necesidades de los profesores antes y despu\u00e9s de Covid-19.<\/p>\n<p>[\/et_pb_text][et_pb_blurb image=\u00bbhttp:\/\/www.d-paideia.eu\/wp-content\/uploads\/2023\/08\/check-mark.png\u00bb icon_placement=\u00bbleft\u00bb _builder_version=\u00bb4.21.0&#8243; _module_preset=\u00bbdefault\u00bb body_font=\u00bb|600|||||||\u00bb body_text_color=\u00bb#202020&#8243; body_font_size=\u00bb16px\u00bb body_line_height=\u00bb2em\u00bb animation=\u00bboff\u00bb hover_enabled=\u00bb0&#8243; body_font_size_tablet=\u00bb18px\u00bb body_font_size_phone=\u00bb14px\u00bb body_font_size_last_edited=\u00bbon|phone\u00bb global_colors_info=\u00bb{}\u00bb locked=\u00bboff\u00bb sticky_enabled=\u00bb0&#8243;]<\/p>\n<p>En la primera secci\u00f3n se exponen los antecedentes te\u00f3ricos para describir el punto de vista de la investigaci\u00f3n internacional en el \u00e1mbito de las competencias digitales de los profesores.<\/p>\n<p>[\/et_pb_blurb][et_pb_blurb image=\u00bbhttp:\/\/www.d-paideia.eu\/wp-content\/uploads\/2023\/08\/check-mark.png\u00bb icon_placement=\u00bbleft\u00bb _builder_version=\u00bb4.21.0&#8243; _module_preset=\u00bbdefault\u00bb body_font=\u00bb|600|||||||\u00bb body_text_color=\u00bb#202020&#8243; body_font_size=\u00bb16px\u00bb body_line_height=\u00bb2em\u00bb animation=\u00bboff\u00bb body_font_size_tablet=\u00bb18px\u00bb body_font_size_phone=\u00bb14px\u00bb body_font_size_last_edited=\u00bbon|phone\u00bb global_colors_info=\u00bb{}\u00bb locked=\u00bboff\u00bb]<\/p>\n<p>La segunda secci\u00f3n pretende comprender c\u00f3mo se define la competencia digital de los educadores en diferentes contextos e identificar las \u00e1reas que podr\u00edan a\u00f1adirse a DigCompEdu bas\u00e1ndose en otros modelos existentes.<\/p>\n<p>[\/et_pb_blurb][et_pb_blurb image=\u00bbhttp:\/\/www.d-paideia.eu\/wp-content\/uploads\/2023\/08\/check-mark.png\u00bb icon_placement=\u00bbleft\u00bb _builder_version=\u00bb4.21.0&#8243; _module_preset=\u00bbdefault\u00bb body_font=\u00bb|600|||||||\u00bb body_text_color=\u00bb#202020&#8243; body_font_size=\u00bb16px\u00bb body_line_height=\u00bb2em\u00bb animation=\u00bboff\u00bb body_font_size_tablet=\u00bb18px\u00bb body_font_size_phone=\u00bb14px\u00bb body_font_size_last_edited=\u00bbon|phone\u00bb global_colors_info=\u00bb{}\u00bb locked=\u00bboff\u00bb]<\/p>\n<p>La tercera secci\u00f3n se centra en la competencia digital de los profesores europeos antes y despu\u00e9s de la pandemia Covid-19 para poner de relieve sus necesidades y expectativas educativas.<\/p>\n<p>[\/et_pb_blurb][et_pb_code _builder_version=\u00bb4.21.0&#8243; _module_preset=\u00bbdefault\u00bb global_colors_info=\u00bb{}\u00bb]<span style=\"font-family:'Candal'; margin-bottom:10px;\">For more information, please download the <\/span> <!-- [et_pb_line_break_holder] --><a href=\"http:\/\/www.d-paideia.eu\/wp-content\/uploads\/2023\/09\/Summary-T2.1-Literature-Review-WP2.pdf\" download=\"Summary-T2.1-Literature-Review-WP2.pdf\" class=\"download-link\">Literature Review<\/a><!-- [et_pb_line_break_holder] --><!-- [et_pb_line_break_holder] --><!-- [et_pb_line_break_holder] -->[\/et_pb_code][\/et_pb_column][et_pb_column type=\u00bb1_2&#8243; _builder_version=\u00bb4.21.0&#8243; _module_preset=\u00bbdefault\u00bb global_colors_info=\u00bb{}\u00bb][et_pb_image src=\u00bbhttp:\/\/www.d-paideia.eu\/wp-content\/uploads\/2023\/08\/pexels-julia-m-cameron-4144097-scaled.jpg\u00bb title_text=\u00bbpexels-julia-m-cameron-4144097&#8243; _builder_version=\u00bb4.21.0&#8243; _module_preset=\u00bbdefault\u00bb custom_margin=\u00bb||||false|false\u00bb border_radii=\u00bbon|20px|20px|20px|20px\u00bb box_shadow_style=\u00bbpreset1&#8243; box_shadow_spread=\u00bb1px\u00bb box_shadow_color=\u00bbrgba(0,0,0,0.2)\u00bb global_colors_info=\u00bb{}\u00bb custom_css_main_element_last_edited=\u00bboff|desktop\u00bb custom_css_main_element_tablet=\u00bbflex:0 0 100%;\u00bb custom_css_main_element_phone=\u00bbflex:0 0 100%;\u00bb][\/et_pb_image][\/et_pb_column][\/et_pb_row][\/et_pb_section]<\/p>\n","protected":false},"excerpt":{"rendered":"<p>REVISI\u00d3N DE LA LITERATURAEl desarrollo del Marco de Cualificaciones de Competencias Pedag\u00f3gicas Digitales D-Paideia se basa en la revisi\u00f3n de la literatura cient\u00edfica sobre las competencias digitales de los profesores. Esta revisi\u00f3n bibliogr\u00e1fica fue llevada a cabo en mayo de 2023 por el equipo de investigaci\u00f3n de la Universidad de Florencia para identificar las necesidades [&hellip;]<\/p>\n","protected":false},"author":1,"featured_media":0,"parent":0,"menu_order":0,"comment_status":"closed","ping_status":"closed","template":"","meta":{"_acf_changed":false,"_et_pb_use_builder":"on","_et_pb_old_content":"","_et_gb_content_width":"","footnotes":""},"class_list":["post-1563","page","type-page","status-publish","hentry"],"acf":[],"_links":{"self":[{"href":"https:\/\/www.d-paideia.eu\/es\/wp-json\/wp\/v2\/pages\/1563","targetHints":{"allow":["GET"]}}],"collection":[{"href":"https:\/\/www.d-paideia.eu\/es\/wp-json\/wp\/v2\/pages"}],"about":[{"href":"https:\/\/www.d-paideia.eu\/es\/wp-json\/wp\/v2\/types\/page"}],"author":[{"embeddable":true,"href":"https:\/\/www.d-paideia.eu\/es\/wp-json\/wp\/v2\/users\/1"}],"replies":[{"embeddable":true,"href":"https:\/\/www.d-paideia.eu\/es\/wp-json\/wp\/v2\/comments?post=1563"}],"version-history":[{"count":0,"href":"https:\/\/www.d-paideia.eu\/es\/wp-json\/wp\/v2\/pages\/1563\/revisions"}],"wp:attachment":[{"href":"https:\/\/www.d-paideia.eu\/es\/wp-json\/wp\/v2\/media?parent=1563"}],"curies":[{"name":"wp","href":"https:\/\/api.w.org\/{rel}","templated":true}]}}